{"id":379,"date":"2023-02-28T15:24:31","date_gmt":"2023-02-28T14:24:31","guid":{"rendered":"https:\/\/dournon-art.com\/?page_id=379"},"modified":"2023-07-11T17:33:33","modified_gmt":"2023-07-11T15:33:33","slug":"bibliographie","status":"publish","type":"page","link":"http:\/\/dournon-art.com\/en\/bibliographie\/","title":{"rendered":"Bibliography"},"content":{"rendered":"<div data-elementor-type=\"wp-page\" data-elementor-id=\"379\" class=\"elementor elementor-379\">\n\t\t\t\t\t\t\t\t\t<section class=\"elementor-section elementor-top-section elementor-element elementor-element-66ac21b5 elementor-section-full_width elementor-section-height-default elementor-section-height-default\" data-id=\"66ac21b5\" data-element_type=\"section\">\n\t\t\t\t\t\t<div class=\"elementor-container elementor-column-gap-default\">\n\t\t\t\t\t<div class=\"elementor-column elementor-col-100 elementor-top-column elementor-element elementor-element-2b29df7d\" data-id=\"2b29df7d\" data-element_type=\"column\">\n\t\t\t<div class=\"elementor-widget-wrap elementor-element-populated\">\n\t\t\t\t\t\t\t\t<div class=\"elementor-element elementor-element-47094da3 elementor-widget elementor-widget-image\" data-id=\"47094da3\" data-element_type=\"widget\" id=\"hero-banner-img\" data-widget_type=\"image.default\">\n\t\t\t\t<div class=\"elementor-widget-container\">\n\t\t\t<style>\/*! elementor - v3.14.0 - 26-06-2023 *\/\n.elementor-widget-image{text-align:center}.elementor-widget-image a{display:inline-block}.elementor-widget-image a img[src$=\".svg\"]{width:48px}.elementor-widget-image img{vertical-align:middle;display:inline-block}<\/style>\t\t\t\t\t\t\t\t\t\t\t\t\t<a href=\"https:\/\/i0.wp.com\/dournon-art.com\/wp-content\/uploads\/2023\/03\/Le-grand-atelier-JJD.jpeg?ssl=1\" data-elementor-open-lightbox=\"yes\" data-elementor-lightbox-title=\"Le grand atelier JJD\" data-e-action-hash=\"#elementor-action%3Aaction%3Dlightbox%26settings%3DeyJpZCI6MTM5NywidXJsIjoiaHR0cHM6XC9cL2RvdXJub24tYXJ0LmNvbVwvd3AtY29udGVudFwvdXBsb2Fkc1wvMjAyM1wvMDNcL0xlLWdyYW5kLWF0ZWxpZXItSkpELmpwZWcifQ%3D%3D\">\n\t\t\t\t\t\t\t<img loading=\"lazy\" decoding=\"async\" width=\"1280\" height=\"853\" src=\"https:\/\/i0.wp.com\/dournon-art.com\/wp-content\/uploads\/2023\/03\/Le-grand-atelier-JJD.jpeg?fit=1280%2C853&amp;ssl=1\" class=\"attachment-full size-full wp-image-1397\" alt=\"\" srcset=\"https:\/\/i0.wp.com\/dournon-art.com\/wp-content\/uploads\/2023\/03\/Le-grand-atelier-JJD.jpeg?w=1280&amp;ssl=1 1280w, https:\/\/i0.wp.com\/dournon-art.com\/wp-content\/uploads\/2023\/03\/Le-grand-atelier-JJD.jpeg?resize=300%2C200&amp;ssl=1 300w, https:\/\/i0.wp.com\/dournon-art.com\/wp-content\/uploads\/2023\/03\/Le-grand-atelier-JJD.jpeg?resize=1024%2C682&amp;ssl=1 1024w, https:\/\/i0.wp.com\/dournon-art.com\/wp-content\/uploads\/2023\/03\/Le-grand-atelier-JJD.jpeg?resize=768%2C512&amp;ssl=1 768w, https:\/\/i0.wp.com\/dournon-art.com\/wp-content\/uploads\/2023\/03\/Le-grand-atelier-JJD.jpeg?resize=18%2C12&amp;ssl=1 18w\" sizes=\"auto, (max-width: 1000px) 100vw, 1000px\" \/>\t\t\t\t\t\t\t\t<\/a>\n\t\t\t\t\t\t\t\t\t\t\t\t\t\t\t<\/div>\n\t\t\t\t<\/div>\n\t\t\t\t\t<\/div>\n\t\t<\/div>\n\t\t\t\t\t\t\t<\/div>\n\t\t<\/section>\n\t\t\t\t<section class=\"elementor-section elementor-top-section elementor-element elementor-element-58437b37 elementor-section-full_width elementor-section-height-default elementor-section-height-default\" data-id=\"58437b37\" data-element_type=\"section\">\n\t\t\t\t\t\t<div class=\"elementor-container elementor-column-gap-default\">\n\t\t\t\t\t<div class=\"elementor-column elementor-col-100 elementor-top-column elementor-element elementor-element-49649ff1\" data-id=\"49649ff1\" data-element_type=\"column\">\n\t\t\t<div class=\"elementor-widget-wrap elementor-element-populated\">\n\t\t\t\t\t\t\t\t<div class=\"elementor-element elementor-element-398ca71b legend-hero-banner elementor-widget elementor-widget-text-editor\" data-id=\"398ca71b\" data-element_type=\"widget\" data-widget_type=\"text-editor.default\">\n\t\t\t\t<div class=\"elementor-widget-container\">\n\t\t\t<style>\/*! elementor - v3.14.0 - 26-06-2023 *\/\n.elementor-widget-text-editor.elementor-drop-cap-view-stacked .elementor-drop-cap{background-color:#69727d;color:#fff}.elementor-widget-text-editor.elementor-drop-cap-view-framed .elementor-drop-cap{color:#69727d;border:3px solid;background-color:transparent}.elementor-widget-text-editor:not(.elementor-drop-cap-view-default) .elementor-drop-cap{margin-top:8px}.elementor-widget-text-editor:not(.elementor-drop-cap-view-default) .elementor-drop-cap-letter{width:1em;height:1em}.elementor-widget-text-editor .elementor-drop-cap{float:left;text-align:center;line-height:1;font-size:50px}.elementor-widget-text-editor .elementor-drop-cap-letter{display:inline-block}<\/style>\t\t\t\t\t\t\t\t\t\t<\/div>\n\t\t\t\t<\/div>\n\t\t\t\t\t<\/div>\n\t\t<\/div>\n\t\t\t\t\t\t\t<\/div>\n\t\t<\/section>\n\t\t\t\t<section class=\"elementor-section elementor-top-section elementor-element elementor-element-5550f338 elementor-section-boxed elementor-section-height-default elementor-section-height-default\" data-id=\"5550f338\" data-element_type=\"section\">\n\t\t\t\t\t\t<div class=\"elementor-container elementor-column-gap-default\">\n\t\t\t\t\t<div class=\"elementor-column elementor-col-100 elementor-top-column elementor-element elementor-element-59b96b3d\" data-id=\"59b96b3d\" data-element_type=\"column\">\n\t\t\t<div class=\"elementor-widget-wrap elementor-element-populated\">\n\t\t\t\t\t\t\t\t<div class=\"elementor-element elementor-element-8513c92 elementor-widget elementor-widget-text-editor\" data-id=\"8513c92\" data-element_type=\"widget\" id=\"catalogues\" data-settings=\"{&quot;_animation&quot;:&quot;none&quot;}\" data-widget_type=\"text-editor.default\">\n\t\t\t\t<div class=\"elementor-widget-container\">\n\t\t\t\t\t\t\t<p><strong><span style=\"font-size: 20px;\">CATALOGS<\/span><\/strong><\/p><p><strong>2022<\/strong><br \/><em>23 artistes de la galerie, l\u2019amour du m\u00e9tier, pour Fran\u00e7ois Ditesheim,<\/em> collective exhibition catalog, Ditesheim et Maffei gallery, Neuch\u00e2tel, 150 pages<\/p><p><strong>2019<\/strong><br \/><em>Territoires Traces Ecritures,<\/em> Jean-Jacques Dournon, solo exhibition catalog, gallery art library, Hennebont, 54 pages<\/p><p><strong>2015<\/strong><br \/><em>Vivant V\u00e9g\u00e9tal,<\/em> Marie-Fran\u00e7oise Le Saux, catalog of collective exhibition, museum of the Cohue, Vannes, 80 pages<\/p><p><strong>2013<\/strong><br \/><em>Sur le motif, <\/em>V\u00e9ronique Br\u00e9hier, personal exhibition catalog, Domaine de Kerguehennec, Bignan, 47 pages<\/p><p><strong>2011<\/strong><br \/><em>De l\u2019arbre \u00e0 la for\u00eat,<\/em>\u00a0 Michel Baudson, collective exhibition catalog Mogadbgab Gallery, Beirut Lebanon, 63 pages<br \/><em>La serre de Nostradamus,<\/em> Jean-Jacques Dournon, AP\u2019art festival, collective exhibition catalog, Ch\u00e2teau de Roussan, Saint-R\u00e9my-de-Provence, 277 pages<\/p><p><strong>2010<\/strong><br \/><em>\u00c9tats d\u2019\u00e2mes,<\/em> Christophe Averty, Dominique Dendrael, personal exhibition catalog, Hieron Museum, Paray le Monial, 56 pages<\/p><p><strong>2008<\/strong><br \/><em>Canto libero e potente,<\/em> Jean-Jacques Dournon, personal exhibition catalog, Chiesa di San Zenone, Brescia, Italy, 64 pages<\/p><p><strong>2005<\/strong><br \/><em>Carnets du M\u00e9kong,<\/em> Emmanuel Dayd\u00e9, personal exhibition, Lorient-Port-Louis, Compagnie des Indes museum, 32 pages<\/p><p><strong>2002<\/strong><br \/><em>Tension: Icomages et paysages,<\/em> Serge Champeau, solo exhibition catalog, Libourne museum, Carmel chapel, 2\u00d716 pages<br \/>Dournon: <em>Paysages et visages, <\/em>Olivier Delavallade, personal exhibition catalog, Ditesheim gallery, Neuch\u00e2tel (Switzerland), 40 pages<\/p><p><strong>2000<\/strong><br \/><em>Dix ans de peinture, <\/em>Fran\u00e7oise Monnin, Olivier Campa, personal exhibition catalog, PAB museum, Al\u00e8s, 48 \u200b\u200bpages<em><br \/>Sur le M\u00e9kong,<\/em> travel diaries, Emmanuel Dayd\u00e9, personal exhibition catalog, H\u00f4tel d'Albert, Paris, 26 pages<em><br \/>L\u2019automne des Transis, <\/em>Fran\u00e7oise Monnin, collective exhibition catalog, Espace Saint-Louis, Bar le Duc, 112 pages<em><br \/>L\u2019Art dans les chapelles,<\/em> collective exhibition catalog, 50 pages<\/p><p><strong>1998<\/strong><br \/><em>Modern Kunst aus dem Vatikan,<\/em> collective exhibition catalogue, Marmelsteiner Kabinett, W\u00fcrzburg and Di\u00f6zesanmuseum Paderborn, Germany, 120 pages<\/p><p><strong>1999<\/strong><br \/><em>Terre \u00e0 menhirs,<\/em> Emmanuel Dayd\u00e9, personal exhibition catalog, Kermario site, Carnac, 32 pages<\/p><p><strong>1992<\/strong><br \/><em>Les gants de la mer,<\/em> Marie-Fran\u00e7oise Le Saux, personal exhibition catalog, museum of the Cohue, Vannes, 10 pages<\/p><p><strong>1990<\/strong><br \/><em>Dournon: peintures, fusain, <\/em>Christian Jouret, solo exhibition catalog, Center Culturel Fran\u00e7ais, Oslo, 28 pages<\/p><p><strong>1989<\/strong><br \/><em>La main,<\/em> poem by Eug\u00e8ne Guillevic, personal exhibition brochure, Albert Chanot art center, Clamart, 6 pages<em><br \/>Jean-Jacques Dournon,<\/em> Maria Helena Vieira da Siva, personal exhibition catalog, Ygr\u00e9go gallery, Lisbon, 18 pages<\/p><p><strong>1983<\/strong><br \/><em>N\u00e9cessit\u00e9s,<\/em> collective exhibition catalog, Ch\u00e2teau de la Roche Jagu, Plo\u00ebzal, 44 pages<em><br \/>Villa M\u00e9dicis 80-82,<\/em> Jean Leymarie, collective exhibition brochure, National School of Fine Arts, Paris, 8 pages<\/p><p><strong>1982<\/strong><br \/><em>Jean-Jacques Dournon,<\/em> Serge Gaubert, solo exhibition catalog, Villa Medici, Rome, 32 pages<em><br \/>Artistes des 4 Acad\u00e9mies \u00e9trang\u00e8res,<\/em> catalog of collective exhibition, Gallery of Modern Art, Rome, 108 pages<em><br \/>Dournon,<\/em> Gilbert Erouart, Jean-Maurice Monnoyer, personal exhibition brochure, French Cultural Center, Genoa, 6 pages<\/p>\t\t\t\t\t\t<\/div>\n\t\t\t\t<\/div>\n\t\t\t\t\t<\/div>\n\t\t<\/div>\n\t\t\t\t\t\t\t<\/div>\n\t\t<\/section>\n\t\t\t\t<section class=\"elementor-section elementor-top-section elementor-element elementor-element-e72196f elementor-section-boxed elementor-section-height-default elementor-section-height-default\" data-id=\"e72196f\" data-element_type=\"section\">\n\t\t\t\t\t\t<div class=\"elementor-container elementor-column-gap-default\">\n\t\t\t\t\t<div class=\"elementor-column elementor-col-100 elementor-top-column elementor-element elementor-element-a211841\" data-id=\"a211841\" data-element_type=\"column\">\n\t\t\t<div class=\"elementor-widget-wrap elementor-element-populated\">\n\t\t\t\t\t\t\t\t<div class=\"elementor-element elementor-element-9cd1ced elementor-widget elementor-widget-text-editor\" data-id=\"9cd1ced\" data-element_type=\"widget\" id=\"articles-de-presse\" data-widget_type=\"text-editor.default\">\n\t\t\t\t<div class=\"elementor-widget-container\">\n\t\t\t\t\t\t\t<h2><strong><span style=\"font-size: 20px;\">Press articles <\/span><\/strong> <span style=\"font-size: 14px; margin-top: 0; margin-left: 15px;\">Excerpts<\/span><\/h2><p><strong>2023<br \/><\/strong>Hors s\u00e9rie Artension n\u00b0 34 \u00e9t\u00e9 2023, <em>l\u2019art en Bretagne aujourd\u2019hui, <\/em>artistes-dessins par Fr\u00e9d\u00e9rique A . Oudin<br \/>\u00c9t\u00e9 2023 Art Absolument : <em>l\u2019art \u00e0 la carte<\/em>, le dessus des cartes par Fran\u00e7ois Jeune<br \/>Artension n\u00b0178 March-April 2023, file: <em>L&rsquo;art au poil cheveux merveilleux, toison contemporaine<\/em> by Isabelle D\u2019Ist<\/p><p><strong>2019<\/strong><br \/>Air-France Madame, june 2019, <em>JJ Dournon, Territoires, Traces, \u00c9critures,<\/em> Hennebont art library<br \/>Sortie de Secours, june 2019, <em>expo JJ Dournon \u00e0 l\u2019artoth\u00e8que d\u2019Hennebont,<\/em> by Isabelle Nivet<\/p><p><strong>2017<\/strong><br \/>Art Absolument n\u00b0 77, may-june 2017, <em>Cartes et Paysages,<\/em> by Emmanuel Dayd\u00e9<\/p><p><strong>2015<\/strong><br \/>Art Absolument june 2015, <em>Tes yeux,<\/em> by Emmanuel Dayd\u00e9<br \/>Sortie de secours n\u00b0151, 2015, <em>carte blanche \u00e0 JJ Dournon,<\/em> by Isabelle Nivet<\/p><p><strong>2014<\/strong><br \/>Magazine des Arts, 2014, <em>JJ Dournon, Port Louis,<\/em> the sea and the stars by MF Du Bertrand<\/p><p><strong>2013<\/strong><br \/>Artension, Special Issue No. 12, October 2013, <em>Veilleurs \u00c9veilleurs \u00c9merveilleurs<\/em> by Christian Noorbergen<\/p><p><strong>2011<\/strong><br \/>Artension, Special Issue No. 6, <em>Le grand dessein de JJ Dournon<\/em> by Patrick Le Fur<\/p><p><strong>2010<\/strong><br \/>Art Aujourd\u2019hui. Weekly, April 2010, <em>Les traces de Dournon<\/em> by Rafael Pic<\/p><p><strong>2009<\/strong><br \/>Air-France Magazine n\u00b0142, February 2009, world agenda: <em>peuple des dunes,<\/em> JJ Dournon exhibition at the Ditesheim gallery, Neuch\u00e2tel<\/p><p><strong>2007<\/strong><br \/>Artension n\u00b036 July-August 2007, <em>portraits-robots d\u2019\u00eatres hypoth\u00e9tiques<\/em> by Fran\u00e7oise Monnin<br \/>La Gazette de l\u2019H\u00f4tel Drouot n\u00b027 July 2007, Balade en Bretagne<br \/>Azart, Special Issue No. 8: <em>Figuration Contemporaine,<\/em> May 2007, Jean-Jacques Dournon, <em>Souffles<\/em> by Fran\u00e7oise Monnin<\/p><p><strong>1997<\/strong><br \/>The World of Education, Culture and Training, May 1997, <em>R\u00e9sidences d\u2019artistes pour le meilleur et pour le pire, Villa M\u00e9dicis,<\/em> by Macha S\u00e9ry<\/p><p><strong>1996<\/strong><br \/>Beaux-Arts magazine n\u00b0143, <em>JJ Dournon,<\/em> exhibition at the Romagny gallery, Paris<br \/>Mus\u00e9art n\u00b064, october 1996, <em>\u00c9piphanies contemporaines, Pincemin\/Dournon<\/em> by Jean-Jacques Dournon<br \/>La Gazette de l\u2019H\u00f4tel Drouot, n\u00b014, 5 april 1996, <em>Jean-Jacques Dournon<\/em> by Marc H\u00e9riss\u00e9<\/p><p><strong>1995<\/strong><br \/>Mus\u00e9art n\u00b045, november 1995, workshop visit by Emmanuel Dayd\u00e9<\/p>\t\t\t\t\t\t<\/div>\n\t\t\t\t<\/div>\n\t\t\t\t\t<\/div>\n\t\t<\/div>\n\t\t\t\t\t\t\t<\/div>\n\t\t<\/section>\n\t\t\t\t\t\t\t<\/div>","protected":false},"excerpt":{"rendered":"<p>CATALOGUES 202223 artistes de la galerie, l\u2019amour du m\u00e9tier, pour Fran\u00e7ois Ditesheim, catalogue d\u2019exposition collective, galerie Ditesheim et Maffei, Neuch\u00e2tel, 150 pages 2019Territoires Traces Ecritures, Jean-Jacques Dournon, catalogue d\u2019exposition personnelle, artoth\u00e8que galerie, Hennebont, 54 pages 2015Vivant V\u00e9g\u00e9tal, Marie-Fran\u00e7oise Le Saux, catalogue d\u2019exposition collective, mus\u00e9e de la Cohue, Vannes, 80 pages 2013Sur le motif, V\u00e9ronique Br\u00e9hier, &hellip;<\/p>\n<p class=\"read-more\"> <a class=\"\" href=\"http:\/\/dournon-art.com\/en\/bibliographie\/\"> <span class=\"screen-reader-text\">Bibliography<\/span> Read More &raquo;<\/a><\/p>","protected":false},"author":1,"featured_media":0,"parent":0,"menu_order":0,"comment_status":"closed","ping_status":"closed","template":"","meta":{"site-sidebar-layout":"no-sidebar","site-content-layout":"page-builder","ast-global-header-display":"","ast-main-header-display":"","ast-hfb-above-header-display":"","ast-hfb-below-header-display":"","ast-hfb-mobile-header-display":"","site-post-title":"disabled","ast-breadcrumbs-content":"","ast-featured-img":"disabled","footer-sml-layout":"","theme-transparent-header-meta":"","adv-header-id-meta":"","stick-header-meta":"","header-above-stick-meta":"","header-main-stick-meta":"","header-below-stick-meta":"","footnotes":""},"class_list":["post-379","page","type-page","status-publish","hentry"],"acf":[],"_links":{"self":[{"href":"http:\/\/dournon-art.com\/en\/wp-json\/wp\/v2\/pages\/379","targetHints":{"allow":["GET"]}}],"collection":[{"href":"http:\/\/dournon-art.com\/en\/wp-json\/wp\/v2\/pages"}],"about":[{"href":"http:\/\/dournon-art.com\/en\/wp-json\/wp\/v2\/types\/page"}],"author":[{"embeddable":true,"href":"http:\/\/dournon-art.com\/en\/wp-json\/wp\/v2\/users\/1"}],"replies":[{"embeddable":true,"href":"http:\/\/dournon-art.com\/en\/wp-json\/wp\/v2\/comments?post=379"}],"version-history":[{"count":105,"href":"http:\/\/dournon-art.com\/en\/wp-json\/wp\/v2\/pages\/379\/revisions"}],"predecessor-version":[{"id":4436,"href":"http:\/\/dournon-art.com\/en\/wp-json\/wp\/v2\/pages\/379\/revisions\/4436"}],"wp:attachment":[{"href":"http:\/\/dournon-art.com\/en\/wp-json\/wp\/v2\/media?parent=379"}],"curies":[{"name":"wp","href":"https:\/\/api.w.org\/{rel}","templated":true}]}}